{"id":286,"date":"2017-03-15T16:41:43","date_gmt":"2017-03-15T14:41:43","guid":{"rendered":"http:\/\/imagotest.ch\/binningen\/?page_id=286"},"modified":"2017-03-17T16:32:30","modified_gmt":"2017-03-17T14:32:30","slug":"links","status":"publish","type":"page","link":"https:\/\/www.bg-binningen.ch\/bg\/links\/","title":{"rendered":"Links"},"content":{"rendered":"<div class=\"wpb-content-wrapper\"><p>[vc_row][vc_column][vc_column_text]<div id=\"metaslider-id-335\" style=\"width: 100%;\" class=\"ml-slider-3-108-0 ml-slider-pro-2-56-0 metaslider metaslider-responsive metaslider-335 ml-slider ms-theme-default\" role=\"region\" aria-label=\"Header-Links\" data-height=\"380\" data-width=\"1200\">\n    <div id=\"metaslider_container_335\">\n        <ul id='metaslider_335' class='rslides'>\n            <li aria-roledescription='slide' aria-labelledby='slide-0'><img loading=\"lazy\" decoding=\"async\" src=\"https:\/\/www.bg-binningen.ch\/bg\/wp-content\/uploads\/buergergemeinde_binningen_links.jpg\" height=\"380\" width=\"1200\" alt=\"\" class=\"slider-335 slide-336 msDefaultImage\" \/><\/li>\n        <\/ul>\n        \n    <\/div>\n<\/div>[\/vc_column_text][\/vc_column][\/vc_row][vc_row][vc_column][vc_column_text]<\/p>\n<table border=\"0\" width=\"100%\">\n<tbody>\n<tr>\n<td align=\"left\" valign=\"top\" width=\"293\"><a href=\"http:\/\/www.binningen.ch\" target=\"bglink\">www.binningen.ch<\/a><\/td>\n<td align=\"left\" valign=\"top\">Die Gemeinde Binningen<\/td>\n<\/tr>\n<tr>\n<td align=\"left\" valign=\"top\" width=\"293\"><a href=\"http:\/\/www.baselland.ch\" target=\"bglink\">www.baselland.ch<\/a><\/td>\n<td align=\"left\" valign=\"top\">Der Kanton Baselland<\/td>\n<\/tr>\n<tr>\n<td align=\"left\" valign=\"top\" width=\"293\"><a href=\"http:\/\/www.admin.ch\" target=\"bglink\">www.admin.ch<\/a><\/td>\n<td align=\"left\" valign=\"top\">Die Schweizerische Eidgenossenschaft<\/td>\n<\/tr>\n<tr>\n<td align=\"left\" valign=\"top\" width=\"293\"><a href=\"http:\/\/www.parlament.ch\" target=\"bglink\">www.parlament.ch<\/a><\/td>\n<td align=\"left\" valign=\"top\">Das Schweizer Parlament<\/td>\n<\/tr>\n<tr>\n<td align=\"left\" valign=\"top\" width=\"293\"><a href=\"http:\/\/www.b%C3%BCrgergemeinden-baselland.ch\" target=\"_blank\"> www.b\u00fcrgergemeinden-baselland<\/a><\/td>\n<td align=\"left\" valign=\"top\">Verband Basellandschaftlicher B\u00fcrgergemeinden<\/td>\n<\/tr>\n<tr>\n<td align=\"left\" valign=\"top\" width=\"293\" height=\"23\"><a href=\"http:\/\/www.svbk.ch\" target=\"bglink\">www.svbk.ch<\/a><\/td>\n<td align=\"left\" valign=\"top\" height=\"23\">Schweiz. Verband der B\u00fcrgergemeinden und Korporationen<\/td>\n<\/tr>\n<tr>\n<td align=\"left\" valign=\"top\" width=\"293\"><a href=\"http:\/\/www.forst-revier.ch\" target=\"bglink\">www.forst-revier.ch<\/a><\/td>\n<td align=\"left\" valign=\"top\">Forstrevier Allschwil \/ vorderes Leimental<\/td>\n<\/tr>\n<tr>\n<td align=\"left\" valign=\"top\" width=\"293\"><a href=\"http:\/\/www.allschwiler-wald.ch\" target=\"bglink\">www.allschwiler-wald.ch<\/a><\/td>\n<td align=\"left\" valign=\"top\">Der Allschwiler Wald \/ Waldpfad der B\u00fcrgergemeinde Binningen<\/td>\n<\/tr>\n<tr>\n<td align=\"left\" valign=\"top\" width=\"293\" height=\"21\"><a href=\"http:\/\/www.quellelixier.ch\" target=\"bglink\">www.quellelixier.ch<\/a><\/td>\n<td align=\"left\" valign=\"top\" height=\"21\">Informationen zu Quellen der Gemeinde Binningen<\/td>\n<\/tr>\n<tr>\n<td align=\"left\" valign=\"top\" width=\"293\"><a href=\"http:\/\/www.auslaenderdienstbl.ch\" target=\"bglink\">www.auslaenderdienstbl.ch<\/a><\/td>\n<td align=\"left\" valign=\"top\">Anlaufstelle f\u00fcr Fragen rund um die Integration \/ diverse Kurse<\/td>\n<\/tr>\n<tr>\n<td align=\"left\" valign=\"top\" width=\"293\"><a href=\"http:\/\/www.switzerland.isyours.com\" target=\"bglink\">www.switzerland.isyours.com<\/a><\/td>\n<td align=\"left\" valign=\"top\">Informationen zum Leben in der Schweiz<\/td>\n<\/tr>\n<tr>\n<td align=\"left\" valign=\"top\" width=\"293\"><a href=\"http:\/\/www.echo-ch.ch\" target=\"bglink\">www.echo-ch.ch<\/a><\/td>\n<td align=\"left\" valign=\"top\">Informationen zur Schweiz \/ Brosch\u00fcre und Arbeitsbl\u00e4tter zum Bestellen<\/td>\n<\/tr>\n<\/tbody>\n<\/table>\n<p>[\/vc_column_text][\/vc_column][\/vc_row]<\/p>\n<\/div>","protected":false},"excerpt":{"rendered":"<p>[vc_row][vc_column][vc_column_text][\/vc_column_text][\/vc_column][\/vc_row][vc_row][vc_column][vc_column_text] www.binningen.ch Die Gemeinde Binningen www.baselland.ch Der Kanton Baselland www.admin.ch Die Schweizerische Eidgenossenschaft www.parlament.ch Das Schweizer Parlament www.b\u00fcrgergemeinden-baselland Verband Basellandschaftlicher B\u00fcrgergemeinden www.svbk.ch Schweiz. Verband der B\u00fcrgergemeinden und Korporationen www.forst-revier.ch Forstrevier Allschwil \/ vorderes Leimental www.allschwiler-wald.ch Der Allschwiler Wald \/ Waldpfad der B\u00fcrgergemeinde Binningen www.quellelixier.ch Informationen zu Quellen der Gemeinde Binningen www.auslaenderdienstbl.ch Anlaufstelle f\u00fcr Fragen rund &#8230; <a title=\"Links\" class=\"read-more\" href=\"https:\/\/www.bg-binningen.ch\/bg\/links\/\" aria-label=\"Mehr Informationen \u00fcber Links\">Weiterlesen<\/a><\/p>\n","protected":false},"author":1,"featured_media":0,"parent":0,"menu_order":0,"comment_status":"closed","ping_status":"open","template":"","meta":{"footnotes":""},"class_list":["post-286","page","type-page","status-publish"],"aioseo_notices":[],"_links":{"self":[{"href":"https:\/\/www.bg-binningen.ch\/bg\/wp-json\/wp\/v2\/pages\/286","targetHints":{"allow":["GET"]}}],"collection":[{"href":"https:\/\/www.bg-binningen.ch\/bg\/wp-json\/wp\/v2\/pages"}],"about":[{"href":"https:\/\/www.bg-binningen.ch\/bg\/wp-json\/wp\/v2\/types\/page"}],"author":[{"embeddable":true,"href":"https:\/\/www.bg-binningen.ch\/bg\/wp-json\/wp\/v2\/users\/1"}],"replies":[{"embeddable":true,"href":"https:\/\/www.bg-binningen.ch\/bg\/wp-json\/wp\/v2\/comments?post=286"}],"version-history":[{"count":0,"href":"https:\/\/www.bg-binningen.ch\/bg\/wp-json\/wp\/v2\/pages\/286\/revisions"}],"wp:attachment":[{"href":"https:\/\/www.bg-binningen.ch\/bg\/wp-json\/wp\/v2\/media?parent=286"}],"curies":[{"name":"wp","href":"https:\/\/api.w.org\/{rel}","templated":true}]}}