{"id":85,"date":"2017-02-03T15:09:18","date_gmt":"2017-02-03T14:09:18","guid":{"rendered":"http:\/\/imagotest.ch\/bg-binningen\/?page_id=85"},"modified":"2026-02-16T17:08:10","modified_gmt":"2026-02-16T15:08:10","slug":"buergergemeinde","status":"publish","type":"page","link":"https:\/\/www.bg-binningen.ch\/bg\/buergergemeinde\/","title":{"rendered":"B\u00fcrgergemeinde"},"content":{"rendered":"<div class=\"wpb-content-wrapper\"><p>[vc_row][vc_column][vc_column_text]<div id=\"metaslider-id-200\" style=\"width: 100%;\" class=\"ml-slider-3-108-0 ml-slider-pro-2-56-0 metaslider metaslider-responsive metaslider-200 ml-slider ms-theme-default\" role=\"region\" aria-label=\"Header_B\u00fcrgergemeinde\" data-height=\"380\" data-width=\"1200\">\n    <div id=\"metaslider_container_200\">\n        <ul id='metaslider_200' class='rslides'>\n            <li aria-roledescription='slide' aria-labelledby='slide-0'><img loading=\"lazy\" decoding=\"async\" src=\"https:\/\/www.bg-binningen.ch\/bg\/wp-content\/uploads\/buergergemeinde_binningen.jpg\" height=\"380\" width=\"1200\" alt=\"\" class=\"slider-200 slide-582 msDefaultImage\" \/><\/li>\n        <\/ul>\n        \n    <\/div>\n<\/div>[\/vc_column_text][\/vc_column][\/vc_row][vc_row][vc_column][vc_tta_tour style=&#8220;flat&#8220; shape=&#8220;square&#8220; color=&#8220;white&#8220; spacing=&#8220;5&#8243; active_section=&#8220;1&#8243; no_fill_content_area=&#8220;true&#8220;][vc_tta_section title=&#8220;B\u00fcrgergemeinde&#8220; tab_id=&#8220;buergergemeinde&#8220;][vc_row_inner][vc_column_inner width=&#8220;2\/3&#8243;][vc_column_text]<\/p>\n<h1>Die B\u00fcrgergemeinde<\/h1>\n<h3>Die B\u00fcrgergemeinde Binningen umfasst heute rund 3500 B\u00fcrgerinnen und B\u00fcrger auf der ganzen Welt, wovon rund 1500 in Binningen wohnhaft sind.<\/h3>\n<p>Die B\u00fcrgergemeinde Binningen ist eine \u00f6ffentlich-rechtliche K\u00f6rperschaft des Kantons Basel-Landschaft und setzt sich aus der Gesamtheit aller das B\u00fcrgerrecht von Binningen besitzenden Personen zusammen.[\/vc_column_text][vc_separator color=&#8220;custom&#8220; accent_color=&#8220;#c1c1c1&#8243;][vc_column_text]<\/p>\n<h2>B\u00fcrgergemeindeordnung<\/h2>\n<p>Die aktuelle B\u00fcrgergemeindeordnung wurde auf den 9. November 2009 in Kraft gesetzt.<\/p>\n<p><a href=\"http:\/\/www.bg-binningen.ch\/bg\/wp-content\/uploads\/Buergergemeindeordnung_def.pdf\" target=\"_blank\" rel=\"noopener noreferrer\">B\u00fcrgergemeindeordnung [PDF]<\/a>[\/vc_column_text][\/vc_column_inner][vc_column_inner width=&#8220;1\/3&#8243;][vc_column_text css=&#8220;.vc_custom_1487946938034{padding: 10px !important;background-color: #a1adb9 !important;}&#8220; el_class=&#8220;aktuelles&#8220;]<\/p>\n<h1>Aufgaben<\/h1>\n<p>[\/vc_column_text][vc_column_text css=&#8220;.vc_custom_1497729215888{margin-top: -34px !important;padding-top: 10px !important;padding-right: 10px !important;padding-bottom: 10px !important;padding-left: 10px !important;background-color: #ffffff !important;}&#8220;]<strong>Die Aufgaben der B\u00fcrgergemeinde werden in der Gemeindeordnung vom 23. April 2009 wie folgt umschrieben:<\/strong><\/p>\n<ol>\n<li>Die B\u00fcrgergemeinde erteilt das Gemeindeb\u00fcrgerrecht.<\/li>\n<li>Die B\u00fcrgergemeinde f\u00f6rdert die Heimatverbundenheit und unterst\u00fctzt kulturelle Bestrebungen.<\/li>\n<li>Die B\u00fcrgergemeinde bewirtschaftet ihren Wald nach fachm\u00e4nnischen Grunds\u00e4tzen.<\/li>\n<li>Die B\u00fcrgergemeinde h\u00e4lt ihren Grundbesitz gegen angemessene Entsch\u00e4digung f\u00fcr \u00f6ffentliche und private Zwecke zur Verf\u00fcgung.<\/li>\n<li>Die B\u00fcrgergemeinde gibt sich im Rahmen der Gesetzgebung die zweckdienliche Organisation und bestellt die Beh\u00f6rden, die Kontroll- und Hilfsorgane.<\/li>\n<li>Die B\u00fcrgergemeinde f\u00fchrt den Gemeindehaushalt nach den Grunds\u00e4tzen einer gesunden Finanzverwaltung.<\/li>\n<\/ol>\n<p>[\/vc_column_text][\/vc_column_inner][\/vc_row_inner][\/vc_tta_section][vc_tta_section title=&#8220;B\u00fcrgerrat&#8220; tab_id=&#8220;buergerrat&#8220;][vc_row_inner][vc_column_inner width=&#8220;1\/2&#8243;][vc_column_text]<\/p>\n<h1>Der B\u00fcrgerrat<\/h1>\n<h3>Der B\u00fcrgerrat Binningen setzt sich aus f\u00fcnf, alle vier Jahre neu zu w\u00e4hlenden Personen zusammen. Seit 1964 gibt es in Binningen einen selbst\u00e4ndigen B\u00fcrgerrat und seit rund 30 Jahren wurde der B\u00fcrgerrat in stiller Wahl gew\u00e4hlt.<\/h3>\n<p>[\/vc_column_text][vc_column_text]Jeder B\u00fcrgerrat steht einem eigenen Ressort vor. Die Ressorts werden nach beruflichen Kompetenzen und pers\u00f6nlichen Erfahrungen und Pr\u00e4ferenzen zugeteilt. Die Aufteilung der Ressorts wird jeweils zu Beginn der Amtsperiode festgelegt und f\u00fcr die gesamte Amtsperiode beibehalten. Aus dem Kreis der gew\u00e4hlten B\u00fcrgerr\u00e4te ist zudem ein Pr\u00e4sident bzw. eine Pr\u00e4sidentin und ein Vizepr\u00e4sident bzw. eine Vizepr\u00e4sidentin zu w\u00e4hlen. Auch das B\u00fcrgergemeindepr\u00e4sidium wurde in Binningen stets in stiller Wahl bestimmt.<\/p>\n<p>Die Schreiberin wird durch den B\u00fcrgerrat angestellt.[\/vc_column_text][vc_column_text]<\/p>\n<h2>Reglement<\/h2>\n<p>Das revidierte Reglement betreffend Beh\u00f6rdenentsch\u00e4digungen wurde auf den 1. Januar 2010 in Kraft gesetzt.<\/p>\n<p><a href=\"http:\/\/www.bg-binningen.ch\/bg\/wp-content\/uploads\/Regl_Behoerdenentschaedigung_2010.pdf\" target=\"_blank\" rel=\"noopener noreferrer\">Reglement betreffend Beh\u00f6rdenentsch\u00e4digungen [PDF]<\/a>[\/vc_column_text][\/vc_column_inner][vc_column_inner width=&#8220;1\/2&#8243;][vc_column_text css=&#8220;&#8220;]<\/p>\n<h3>Ab 1. Mai 2025<\/h3>\n<h6>Foto folgt<\/h6>\n<p>von links:<br \/>\nYvonne Gass, Lukas Fl\u00fcck, J\u00fcrg Br\u00e4utigam (Pr\u00e4sident), Thomas Jundt, Sibylle Giani (Schreiberin), Mathis Nyfeler[\/vc_column_text][vc_toggle title=&#8220;J\u00fcrg Br\u00e4utigam &#8211; Ressort Kulturelles&#8220; style=&#8220;arrow&#8220; css=&#8220;&#8220;]J\u00fcrg Br\u00e4utigam ist Pr\u00e4sident der B\u00fcrgergemeinde und vertritt diese wie auch den B\u00fcrgerrat bei entsprechenden Anl\u00e4ssen und Repr\u00e4sentationsaufgaben. Er leitet die B\u00fcrgergemeindeversammlungen ebenso wie die Sitzungen des B\u00fcrgerrates.<br \/>\nIhm obliegt das Ressort Kulturelles mit der Organisation des Banntages, des Binninger Fr\u00fchjahrs- und Weihnachtsmarktes wie auch dem kulturellen Teil der B\u00fcrgergemeindeversammlungen. Mit grossem Engagement hat er auch die Hauptverantwortung f\u00fcr die vom B\u00fcrgerrat neu organisierten Open Air-Konzerte \u00fcbernommen.[\/vc_toggle][vc_toggle title=&#8220;Lukas Fl\u00fcck &#8211; Ressort Finanzen&#8220; style=&#8220;arrow&#8220; css=&#8220;&#8220;]Lukas Fl\u00fcck betreut die Finanzen der B\u00fcrgergemeinde und bereitet jeweils das Budget und die Rechnung zuhanden der B\u00fcrgergemeindeversammlungen vor.[\/vc_toggle][vc_toggle title=&#8220;Yvonne Gass &#8211; Ressort Einb\u00fcrgerungen&#8220; style=&#8220;arrow&#8220; css=&#8220;&#8220;]Yvonne Gass ist f\u00fcr das Ressort Einb\u00fcrgerungen zust\u00e4ndig und pr\u00fcft bei den Einb\u00fcrgerungsgespr\u00e4chen, ob die Gesuchstellenden mit den Schweizerischen Lebensgewohnheiten vertraut sind und \u00fcber gen\u00fcgend Deutschkenntnisse verf\u00fcgen sowie ob Kenntnisse der Schweizer Geschichte, der Politik und dem aktuellen Geschehen vorhanden sind.[\/vc_toggle][vc_toggle title=&#8220;Thomas Jundt &#8211; Ressort Wald&#8220; style=&#8220;arrow&#8220; css=&#8220;&#8220;]Thomas Jundt amtet als Waldchef der B\u00fcrgergemeinde. Er betreut und organisiert die waldspezifischen Aufgaben und hat Einsitz in diversen Kommissionen. Mit Revierf\u00f6rster Markus Lack vom Forstrevier Allschwil\/Vorderes Leimental arbeitet er eng zusammen. Er allein f\u00e4llt den f\u00fcr die B\u00fcrger wichtigen Entscheid, ob die T\u00e4nnlikultur im Binninger Wald rasch genug nachgewachsen ist, um die j\u00e4hrliche Weihnachtsbaumaktion durchf\u00fchren zu k\u00f6nnen.[\/vc_toggle][vc_toggle title=&#8220;Mathis Nyfeler &#8211; Ressort Liegenschaften&#8220; style=&#8220;arrow&#8220; css=&#8220;&#8220;]Mathis Nyfeler ist f\u00fcr das Ressort Liegenschaften der B\u00fcrgergemeinde zust\u00e4ndig und wird dabei durch seine Liegenschaftsfirma unterst\u00fctzt. Mit grossem Engagement setzt er sich daf\u00fcr ein, dass die Liegenschaften der B\u00fcrgergemeinde in einem guten Zustand sind und die Mieten erschwinglich sind und bleiben.[\/vc_toggle][vc_toggle title=&#8220;Sibylle Giani &#8211; Schreiberin&#8220; style=&#8220;arrow&#8220; css=&#8220;&#8220;]Sibylle Giani unterst\u00fctzt die B\u00fcrgergemeinde und den B\u00fcrgerrat als Schreiberin. Sie ist die Anlaufstelle f\u00fcr Ausk\u00fcnfte im Zusammenhang mit einer Einb\u00fcrgerung in der Gemeinde. An den B\u00fcrgergemeindeversammlungen und Sitzungen des B\u00fcrgerrates verfasst sie jeweils das Protokoll. Zudem ist sie f\u00fcr die Verwaltung der Homepage verantwortlich.[\/vc_toggle][\/vc_column_inner][\/vc_row_inner][\/vc_tta_section][vc_tta_section title=&#8220;B\u00fcrgergemeindeversammlung&#8220; tab_id=&#8220;buergergemeindeversammlung&#8220;][vc_row_inner][vc_column_inner width=&#8220;2\/3&#8243;][vc_column_text]<\/p>\n<h1>B\u00fcrgergemeindeversammlung<\/h1>\n<h3>An den zweimal j\u00e4hrlich stattfindenden B\u00fcrgergemeindeversammlungen werden die Antr\u00e4ge des B\u00fcrgerrates zu den Einb\u00fcrgerungsgesuchen von Schweizern und Ausl\u00e4ndern in das Binninger B\u00fcrgerrecht beraten und beschlossen. Ebenso werden im Fr\u00fchling die Rechnung und im Herbst das Budget der B\u00fcrgergemeinde von der B\u00fcrgergemeinde beschlossen sowie allf\u00e4llige weitere aktuelle Traktanden und Antr\u00e4ge behandelt. Die Fr\u00fchjahrsversammlung findet im B\u00fcrgersaal an der Schlossgasse 1 statt. Die Herbstversammlung, verbunden mit der traditionellen Metzgete, findet im Kronenmattsaal statt.<\/h3>\n<p>[\/vc_column_text][\/vc_column_inner][vc_column_inner width=&#8220;1\/3&#8243;][vc_column_text css=&#8220;.vc_custom_1494943650773{padding-top: 10px !important;padding-right: 10px !important;padding-bottom: 10px !important;padding-left: 10px !important;background-color: #a1adb9 !important;}&#8220; el_class=&#8220;aktuelles&#8220;]<\/p>\n<h1>Info<\/h1>\n<p>[\/vc_column_text][vc_column_text css=&#8220;.vc_custom_1768384231808{margin-top: -34px !important;padding-top: 10px !important;padding-right: 10px !important;padding-bottom: 10px !important;padding-left: 10px !important;background-color: #ffffff !important;}&#8220;]<\/p>\n<h3><strong>Mittwoch, 6. Mai 2026<\/strong><\/h3>\n<p><strong>B\u00fcrgergemeindeversammlung<\/strong><br \/>\n<strong>19.00 Uhr<\/strong> im Kronenmattsaal[\/vc_column_text][\/vc_column_inner][\/vc_row_inner][\/vc_tta_section][vc_tta_section title=&#8220;Geschichte&#8220; tab_id=&#8220;geschichte&#8220;][vc_row_inner][vc_column_inner][vc_column_text]<\/p>\n<h1>Geschichte<\/h1>\n<p>Vor mehreren hunderten Jahren schlossen sich in den St\u00e4dten und D\u00f6rfern die Leute zu Gemeinschaften zusammen. Die St\u00e4dte schlossen ihre Tore fr\u00fch gegen\u00fcber Zugewanderten. Die Bev\u00f6lkerung war gesch\u00fctzt, verpflichtete sich aber, die geltenden Rechte und Pflichten einzuhalten. Die Bezeichnung B\u00fcrger oder Burger kommt daher, dass die Bev\u00f6lkerung rund um eine Burg ans\u00e4ssig war.<\/p>\n<p>Auch die Dorfgemeinschaften hatten ihre Vereinbarungen. So wurde 1551 erstmals eine Bettlerordnung verf\u00fcgt, in welcher geregelt war, dass die Gemeinden selber f\u00fcr ihre Armen aufkommen m\u00fcssen. Es war also wichtig zu wissen, wer zur Gemeinde geh\u00f6rte. Das Heimatrecht war somit geboren.<\/p>\n<p>Die Unterscheidung in Einwohner- und B\u00fcrgergemeinden ist in den fr\u00fchen achtziger Jahren des 19. Jahrhunderts erfolgt. Die B\u00fcrgergemeinden wurden entpolitisiert und behielten die noch heute geltenden Kompetenzen wie Einb\u00fcrgerungen, Gemeindewaldungen, Allmendfragen, Verwaltung der B\u00fcrgerverm\u00f6gen und \u2013 anders als heute \u2013 das so genannte Armenwesen. Erst seit dem 1. Dezember 1964 hat die B\u00fcrgergemeinde Binningen einen eigenen B\u00fcrgerrat, der als Exekutive die Aufgaben der B\u00fcrgergemeinde wahrnimmt. Vorher waltete der Gemeinderat auch als B\u00fcrgerrat.<\/p>\n<p>In Binningen werden die Aktivit\u00e4ten der B\u00fcrgergemeinde seit 1. Dezember 1964 von einem eigenst\u00e4ndigen B\u00fcrgerrat gepr\u00e4gt. Durch die Pflege der Traditionen, des Erholungsraums sowie der Kultur engagiert er sich f\u00fcr die &#8222;sch\u00f6nen Dinge&#8220; in der Gemeinde.[\/vc_column_text][\/vc_column_inner][\/vc_row_inner][\/vc_tta_section][vc_tta_section title=&#8220;Finanzen&#8220; tab_id=&#8220;finanzen&#8220;][vc_column_text]<\/p>\n<h1>Finanzen<\/h1>\n<h3>B\u00fcrgerrat Lukas Fl\u00fcck betreut die Finanzen der B\u00fcrgergemeinde und bereitet jeweils das Budget und die Rechnung zuhanden der B\u00fcrgergemeindeversammlungen im Herbst bzw. im Fr\u00fchjahr vor.<\/h3>\n<p><a href=\"https:\/\/www.bg-binningen.ch\/bg\/wp-content\/uploads\/Budget-2024.pdf\">Budget 2024<\/a><\/p>\n<p><a href=\"https:\/\/www.bg-binningen.ch\/bg\/wp-content\/uploads\/Rechnung_2023.pdf\">Rechnung 2023<\/a><\/p>\n<p><a href=\"https:\/\/www.bg-binningen.ch\/bg\/wp-content\/uploads\/Rechnung-2022.pdf\">Rechnung 2022<\/a><\/p>\n<p><a href=\"http:\/\/www.bg-binningen.ch\/bg\/wp-content\/uploads\/Rechnung_2021.pdf\">Rechnung 2021<\/a><\/p>\n<p><a href=\"http:\/\/www.bg-binningen.ch\/bg\/wp-content\/uploads\/Rechnung-2020.pdf\">Rechnung 2020<\/a><\/p>\n<p><a href=\"http:\/\/www.bg-binningen.ch\/bg\/wp-content\/uploads\/Rechnung-2019.pdf\">Rechnung 2019<\/a><\/p>\n<p><a href=\"http:\/\/www.bg-binningen.ch\/bg\/wp-content\/uploads\/Rechnung_2018.pdf\">Rechnung 2018<\/a><\/p>\n<p><a href=\"http:\/\/www.bg-binningen.ch\/bg\/wp-content\/uploads\/Rechnung_2017.pdf\" target=\"_blank\" rel=\"noopener noreferrer\">Rechnung 2017<\/a><\/p>\n<p><a href=\"http:\/\/www.bg-binningen.ch\/bg\/wp-content\/uploads\/Rechnung_2016.pdf\" target=\"_blank\" rel=\"noopener noreferrer\">Rechnung 2016<\/a><\/p>\n<p><a href=\"http:\/\/www.bg-binningen.ch\/bg\/wp-content\/uploads\/Rechnung_2015.pdf\" target=\"_blank\" rel=\"noopener noreferrer\">Rechnung 2015<\/a><\/p>\n<p><a href=\"http:\/\/www.bg-binningen.ch\/bg\/wp-content\/uploads\/Rechnung_2014.pdf\" target=\"_blank\" rel=\"noopener noreferrer\">Rechnung 2014<\/a><\/p>\n<p><a href=\"http:\/\/www.bg-binningen.ch\/bg\/wp-content\/uploads\/Rechnung_2013.pdf\" target=\"_blank\" rel=\"noopener noreferrer\">Rechnung 2013<\/a><\/p>\n<p><a href=\"http:\/\/www.bg-binningen.ch\/bg\/wp-content\/uploads\/Rechnung_2012.pdf\" target=\"_blank\" rel=\"noopener noreferrer\">Rechnung 2012<\/a><\/p>\n<p><a href=\"http:\/\/www.bg-binningen.ch\/bg\/wp-content\/uploads\/Rechnung_2011.pdf\" target=\"_blank\" rel=\"noopener noreferrer\">Rechnung 2011<\/a><\/p>\n<p><a href=\"http:\/\/www.bg-binningen.ch\/bg\/wp-content\/uploads\/Rechnung_2010.pdf\" target=\"_blank\" rel=\"noopener noreferrer\">Rechnung 2010<\/a><\/p>\n<p><a href=\"http:\/\/www.bg-binningen.ch\/bg\/wp-content\/uploads\/Rechnung_2009.pdf\" target=\"_blank\" rel=\"noopener noreferrer\">Rechnung 2009<\/a><\/p>\n<p><a href=\"http:\/\/www.bg-binningen.ch\/bg\/wp-content\/uploads\/Rechnung_2008.pdf\" target=\"_blank\" rel=\"noopener noreferrer\">Rechnung 2008<\/a>[\/vc_column_text][\/vc_tta_section][\/vc_tta_tour][\/vc_column][\/vc_row]<\/p>\n<\/div>","protected":false},"excerpt":{"rendered":"<p>[vc_row][vc_column][vc_column_text][\/vc_column_text][\/vc_column][\/vc_row][vc_row][vc_column][vc_tta_tour style=&#8220;flat&#8220; shape=&#8220;square&#8220; color=&#8220;white&#8220; spacing=&#8220;5&#8243; active_section=&#8220;1&#8243; no_fill_content_area=&#8220;true&#8220;][vc_tta_section title=&#8220;B\u00fcrgergemeinde&#8220; tab_id=&#8220;buergergemeinde&#8220;][vc_row_inner][vc_column_inner width=&#8220;2\/3&#8243;][vc_column_text] Die B\u00fcrgergemeinde Die B\u00fcrgergemeinde Binningen umfasst heute rund 3500 B\u00fcrgerinnen und B\u00fcrger auf der ganzen Welt, wovon rund 1500 in Binningen wohnhaft sind. Die B\u00fcrgergemeinde Binningen ist eine \u00f6ffentlich-rechtliche K\u00f6rperschaft des Kantons Basel-Landschaft und setzt sich aus der Gesamtheit aller das B\u00fcrgerrecht von Binningen besitzenden &#8230; <a title=\"B\u00fcrgergemeinde\" class=\"read-more\" href=\"https:\/\/www.bg-binningen.ch\/bg\/buergergemeinde\/\" aria-label=\"Mehr Informationen \u00fcber B\u00fcrgergemeinde\">Weiterlesen<\/a><\/p>\n","protected":false},"author":1,"featured_media":0,"parent":0,"menu_order":0,"comment_status":"closed","ping_status":"closed","template":"","meta":{"footnotes":""},"class_list":["post-85","page","type-page","status-publish"],"aioseo_notices":[],"_links":{"self":[{"href":"https:\/\/www.bg-binningen.ch\/bg\/wp-json\/wp\/v2\/pages\/85","targetHints":{"allow":["GET"]}}],"collection":[{"href":"https:\/\/www.bg-binningen.ch\/bg\/wp-json\/wp\/v2\/pages"}],"about":[{"href":"https:\/\/www.bg-binningen.ch\/bg\/wp-json\/wp\/v2\/types\/page"}],"author":[{"embeddable":true,"href":"https:\/\/www.bg-binningen.ch\/bg\/wp-json\/wp\/v2\/users\/1"}],"replies":[{"embeddable":true,"href":"https:\/\/www.bg-binningen.ch\/bg\/wp-json\/wp\/v2\/comments?post=85"}],"version-history":[{"count":0,"href":"https:\/\/www.bg-binningen.ch\/bg\/wp-json\/wp\/v2\/pages\/85\/revisions"}],"wp:attachment":[{"href":"https:\/\/www.bg-binningen.ch\/bg\/wp-json\/wp\/v2\/media?parent=85"}],"curies":[{"name":"wp","href":"https:\/\/api.w.org\/{rel}","templated":true}]}}